{"id":12,"date":"2019-03-14T16:15:58","date_gmt":"2019-03-14T16:15:58","guid":{"rendered":"http:\/\/mabcomunicaciones.cl\/web\/?page_id=12"},"modified":"2025-04-30T00:53:02","modified_gmt":"2025-04-30T00:53:02","slug":"equipo","status":"publish","type":"page","link":"http:\/\/mabcomunicaciones.cl\/web\/equipo\/","title":{"rendered":"Equipo"},"content":{"rendered":"<p>[vc_row][vc_column][vc_custom_heading text=\u00bbEquipo\u00bb font_container=\u00bbtag:h2|font_size:40|text_align:center|color:%23f6a400&#8243; google_fonts=\u00bbfont_family:Roboto%3A100%2C100italic%2C300%2C300italic%2Cregular%2Citalic%2C500%2C500italic%2C700%2C700italic%2C900%2C900italic|font_style:300%20light%20regular%3A300%3Anormal\u00bb][vc_zigzag el_width=\u00bb20&#8243; el_border_width=\u00bb10&#8243;][vc_empty_space][\/vc_column][\/vc_row][vc_row full_width=\u00bbstretch_row_content_no_spaces\u00bb gap=\u00bb5&#8243; full_height=\u00bbyes\u00bb][vc_column width=\u00bb1\/3&#8243;][\/vc_column][vc_column width=\u00bb1\/3&#8243; alignment=\u00bbcenter\u00bb]<\/p>\n<div data-id=\"mpc_image-4169f1a08ce97eb\" onclick=\"\" class=\"mpc-image mpc-init \" >\n<div class=\"mpc-item mpc-transition\"><img width=\"245\" height=\"245\" src=\"http:\/\/mabcomunicaciones.cl\/web\/wp-content\/uploads\/2023\/02\/Maria-de-los-Angeles-Bravo-Ossa.png\" class=\"mpc-transition attachment-medium\" alt=\"\" loading=\"lazy\" srcset=\"http:\/\/mabcomunicaciones.cl\/web\/wp-content\/uploads\/2023\/02\/Maria-de-los-Angeles-Bravo-Ossa.png 245w, http:\/\/mabcomunicaciones.cl\/web\/wp-content\/uploads\/2023\/02\/Maria-de-los-Angeles-Bravo-Ossa-150x150.png 150w\" sizes=\"(max-width: 245px) 100vw, 245px\" \/><\/div>\n<\/div>\n<p>[vc_custom_heading text=\u00bbMa. De Los \u00c1ngeles Bravo\u00bb font_container=\u00bbtag:h2|font_size:20px|text_align:center|color:%23fc7e00&#8243; google_fonts=\u00bbfont_family:Roboto%3A100%2C100italic%2C300%2C300italic%2Cregular%2Citalic%2C500%2C500italic%2C700%2C700italic%2C900%2C900italic|font_style:300%20light%20regular%3A300%3Anormal\u00bb css=\u00bb.vc_custom_1553093338958{padding-top: 15px !important;}\u00bb][vc_tta_accordion style=\u00bbflat\u00bb color=\u00bborange\u00bb c_align=\u00bbcenter\u00bb c_icon=\u00bb\u00bb active_section=\u00bb-9&#8243; no_fill=\u00bbtrue\u00bb collapsible_all=\u00bbtrue\u00bb css=\u00bb.vc_custom_1555000709393{margin-right: 60px !important;margin-left: 60px !important;}\u00bb][vc_tta_section title=\u00bbDirectora\u00bb tab_id=\u00bb1554998127235-ab262dcc-9309&#8243;]<\/p>\n<div id=\"mpc_textblock-8269f1a08ce98f5\" class=\"mpc-textblock mpc-init \">\n<p style=\"text-align: left;\">Periodista de la Universidad Diego Portales con 20 a\u00f1os de experiencia en comunicaciones y en marketing estrat\u00e9gico.<\/p>\n<p style=\"text-align: left;\">En 1998 form\u00f3 el Departamento de Comunicaciones en Chile de la multinacional alemana Beiersdorf, con el objetivo de reposicionar importantes marcas de consumo masivo como Nivea y Eucerin. Entre 2002 y 2008 lider\u00f3 el \u00e1rea de Comunicaciones y Marketing Interno de LAN Airlines, teniendo a su cargo los equipos de Chile, Per\u00fa, Argentina, USA y Ecuador. Fue parte de importantes proyectos como: cambio de imagen corporativa, cambio modelo de servicio y de negocio en rutas de corto alcance, implantaci\u00f3n de plataforma SAP, dise\u00f1o y gesti\u00f3n de RSE, coordinaci\u00f3n de grandes eventos corporativos, cultura organizacional entre otros. Fue Directora del \u00c1rea de Comunicaciones Internas de Extend. En el a\u00f1o 2009 funda MAB Comunicaciones.<\/p>\n<\/div>\n<p>[\/vc_tta_section][\/vc_tta_accordion][\/vc_column][vc_column width=\u00bb1\/3&#8243;][\/vc_column][\/vc_row][vc_row full_width=\u00bbstretch_row_content\u00bb gap=\u00bb5&#8243; content_placement=\u00bbtop\u00bb][vc_column width=\u00bb1\/3&#8243; alignment=\u00bbcenter\u00bb css=\u00bb.vc_custom_1678454975553{margin-right: 60px !important;margin-left: 60px !important;}\u00bb]<\/p>\n<div data-id=\"mpc_image-8369f1a08ceab55\" onclick=\"\" class=\"mpc-image mpc-init mpc-animation \"  data-animation-in=\"transition.bounceLeftIn||800||0||40\">\n<div class=\"mpc-item mpc-transition\"><img width=\"245\" height=\"245\" src=\"http:\/\/mabcomunicaciones.cl\/web\/wp-content\/uploads\/2019\/03\/lorena.png\" class=\"mpc-transition attachment-medium\" alt=\"\" loading=\"lazy\" srcset=\"http:\/\/mabcomunicaciones.cl\/web\/wp-content\/uploads\/2019\/03\/lorena.png 245w, http:\/\/mabcomunicaciones.cl\/web\/wp-content\/uploads\/2019\/03\/lorena-150x150.png 150w\" sizes=\"(max-width: 245px) 100vw, 245px\" \/><\/div>\n<\/div>\n<p>[vc_custom_heading text=\u00bbLorena Jacob\u00bb font_container=\u00bbtag:h2|font_size:20px|text_align:center|color:%23fc7e00&#8243; google_fonts=\u00bbfont_family:Roboto%3A100%2C100italic%2C300%2C300italic%2Cregular%2Citalic%2C500%2C500italic%2C700%2C700italic%2C900%2C900italic|font_style:300%20light%20regular%3A300%3Anormal\u00bb css=\u00bb.vc_custom_1553094304178{padding-top: 15px !important;}\u00bb][vc_tta_accordion style=\u00bbflat\u00bb color=\u00bborange\u00bb c_align=\u00bbcenter\u00bb c_icon=\u00bb\u00bb active_section=\u00bb-9&#8243; no_fill=\u00bbtrue\u00bb collapsible_all=\u00bbtrue\u00bb][vc_tta_section title=\u00bbDirectora General de Cuentas\u00bb tab_id=\u00bb1554996737668-fb86f8af-70b4&#8243;]<\/p>\n<div id=\"mpc_textblock-2669f1a08ceac09\" class=\"mpc-textblock mpc-init \">\n<p style=\"text-align: left;\">Periodista de la Universidad Diego Portales, m\u00e1ster en Discurso y Comunicaci\u00f3n de la Universidad Complutense de Madrid y diplomada en Comunicaci\u00f3n Corporativa de la Pontificia Universidad Cat\u00f3lica de Chile.<\/p>\n<p style=\"text-align: left;\">Integr\u00f3 el equipo de Walmart como Product Manager de Contenidos en donde particip\u00f3 en el redise\u00f1o y lanzamiento del sitio Lider.cl, tambi\u00e9n trabaj\u00f3 como periodista del diario La Tercera y desde hace m\u00e1s de cinco a\u00f1os que trabaja en MAB Comunicaciones como Ejecutiva de Cuentas Senior y luego como Coordinadora General,\u00a0 apoyando la estrategia comunicacional interna de destacadas empresas del sector financiero, salud, automotriz, seguridad y miner\u00eda, con el fin de fortalecer la cultura organizacional y contribuir al cumplimiento de metas.<\/p>\n<\/div>\n<p>[\/vc_tta_section][\/vc_tta_accordion][\/vc_column][vc_column width=\u00bb1\/3&#8243; alignment=\u00bbcenter\u00bb css=\u00bb.vc_custom_1678455040703{margin-top: 10px !important;margin-right: 60px !important;margin-left: 60px !important;}\u00bb]<\/p>\n<div data-id=\"mpc_image-6469f1a08ceb4e1\" onclick=\"\" class=\"mpc-image mpc-init mpc-animation \"  data-animation-in=\"transition.bounceLeftIn||800||0||42\">\n<div class=\"mpc-item mpc-transition\"><img width=\"245\" height=\"245\" src=\"http:\/\/mabcomunicaciones.cl\/web\/wp-content\/uploads\/2019\/03\/magda.png\" class=\"mpc-transition attachment-medium\" alt=\"\" loading=\"lazy\" srcset=\"http:\/\/mabcomunicaciones.cl\/web\/wp-content\/uploads\/2019\/03\/magda.png 245w, http:\/\/mabcomunicaciones.cl\/web\/wp-content\/uploads\/2019\/03\/magda-150x150.png 150w\" sizes=\"(max-width: 245px) 100vw, 245px\" \/><\/div>\n<\/div>\n<p>[vc_custom_heading text=\u00bbMagdalena Estay\u00bb font_container=\u00bbtag:h2|font_size:20px|text_align:center|color:%23fc7e00&#8243; google_fonts=\u00bbfont_family:Roboto%3A100%2C100italic%2C300%2C300italic%2Cregular%2Citalic%2C500%2C500italic%2C700%2C700italic%2C900%2C900italic|font_style:300%20light%20regular%3A300%3Anormal\u00bb css=\u00bb.vc_custom_1553095087814{padding-top: 15px !important;}\u00bb][vc_tta_accordion style=\u00bbflat\u00bb color=\u00bborange\u00bb c_align=\u00bbcenter\u00bb c_icon=\u00bb\u00bb active_section=\u00bb-10000&#8243; no_fill=\u00bbtrue\u00bb collapsible_all=\u00bbtrue\u00bb][vc_tta_section title=\u00bbDirectora de Cuentas\u00bb tab_id=\u00bb1554998824159-f0d19fc8-87e7&#8243;]<\/p>\n<div id=\"mpc_textblock-569f1a08ceb584\" class=\"mpc-textblock mpc-init mpc-typography--preset_0 \">\n<p style=\"text-align: left;\">Licenciada en Comunicaci\u00f3n Social y Periodista de la Universidad de los Andes, con un diplomado en Comunicaci\u00f3n Estrat\u00e9gica.<\/p>\n<p style=\"text-align: left;\">Se ha desempe\u00f1ado en medios de comunicaci\u00f3n como el diario La Tercera y en agencias de comunicaciones, ligadas al mundo digital y estrategia corporativa.<\/p>\n<p style=\"text-align: left;\">En su paso por los medios debi\u00f3 cubrir temas relacionados con Pymes, Mercados y Macro Econom\u00eda. En sus experiencias anteriores como ejecutiva de cuentas tuvo que asesorar a clientes del rubro de productos y servicios.<\/p>\n<p style=\"text-align: left;\">Actualmente se desarrolla como\u00a0 Ejecutiva de Cuentas Senior en MAB Comunicaciones a cargo de clientes desarrollando y ejecutando sus comunicaciones corporativas.<\/p>\n<\/div>\n<p>[\/vc_tta_section][\/vc_tta_accordion][\/vc_column][vc_column width=\u00bb1\/3&#8243; alignment=\u00bbcenter\u00bb css=\u00bb.vc_custom_1678455031162{margin-top: 10px !important;margin-right: 60px !important;margin-left: 60px !important;}\u00bb]<\/p>\n<div data-id=\"mpc_image-7469f1a08cebfcb\" onclick=\"\" class=\"mpc-image mpc-init mpc-animation \"  data-animation-in=\"transition.bounceLeftIn||850||0||44\">\n<div class=\"mpc-item mpc-transition\"><img width=\"245\" height=\"245\" src=\"http:\/\/mabcomunicaciones.cl\/web\/wp-content\/uploads\/2023\/03\/Pamela-Tuesta-Roa_baja-1.png\" class=\"mpc-transition attachment-medium\" alt=\"\" loading=\"lazy\" srcset=\"http:\/\/mabcomunicaciones.cl\/web\/wp-content\/uploads\/2023\/03\/Pamela-Tuesta-Roa_baja-1.png 245w, http:\/\/mabcomunicaciones.cl\/web\/wp-content\/uploads\/2023\/03\/Pamela-Tuesta-Roa_baja-1-150x150.png 150w\" sizes=\"(max-width: 245px) 100vw, 245px\" \/><\/div>\n<\/div>\n<p>[vc_custom_heading text=\u00bbPamela Tuesta\u00bb font_container=\u00bbtag:h2|font_size:20px|text_align:center|color:%23f29760&#8243; google_fonts=\u00bbfont_family:Roboto%3A100%2C100italic%2C300%2C300italic%2Cregular%2Citalic%2C500%2C500italic%2C700%2C700italic%2C900%2C900italic|font_style:300%20light%20regular%3A300%3Anormal\u00bb css=\u00bb.vc_custom_1676466758721{padding-top: 15px !important;}\u00bb][vc_tta_accordion style=\u00bbflat\u00bb color=\u00bborange\u00bb c_align=\u00bbcenter\u00bb c_icon=\u00bb\u00bb active_section=\u00bb-3&#8243; no_fill=\u00bbtrue\u00bb collapsible_all=\u00bbtrue\u00bb][vc_tta_section title=\u00bbEjecutiva de Cuentas Senior\u00bb tab_id=\u00bb1611084186733-cc9ef978-efe9&#8243;]<\/p>\n<div id=\"mpc_textblock-4769f1a08cec08f\" class=\"mpc-textblock mpc-init mpc-typography--preset_0 \">\n<p style=\"text-align: left;\"><span style=\"font-weight: 400;\">Periodista de la Universidad de Playa Ancha e ingeniero comercial de la Universidad de Valpara\u00edso, con vasta experiencia en comunicaci\u00f3n corporativa y desarrollo organizacional.<\/span><\/p>\n<p style=\"text-align: left;\"><span style=\"font-weight: 400;\">A lo largo de su carrera, ha demostrado su capacidad de liderazgo en diferentes organizaciones, dirigiendo proyectos de comunicaci\u00f3n interna, apoyando procesos de gesti\u00f3n del cambio y planificando y ejecutando la organizaci\u00f3n de eventos masivos.<\/span><\/p>\n<p style=\"text-align: left;\"><span style=\"font-weight: 400;\">Su enfoque principal en la gesti\u00f3n de la comunicaci\u00f3n est\u00e1 basado en la empat\u00eda y su constante b\u00fasqueda de nuevos conocimientos y habilidades, los cuales permitan aportar valor y mejorar la comunicaci\u00f3n en diversas organizaciones.<\/span><\/p>\n<p style=\"text-align: left;\"><span style=\"font-weight: 400;\">Actualmente, se desempe\u00f1a como ejecutiva de cuentas senior en MAB Comunicaciones, <\/span><span style=\"font-weight: 400;\">donde aplica su amplia experiencia y conocimientos para brindar soluciones efectivas en la gesti\u00f3n de la comunicaci\u00f3n.<\/span><\/p>\n<\/div>\n<p>[\/vc_tta_section][\/vc_tta_accordion][\/vc_column][\/vc_row][vc_row full_width=\u00bbstretch_row_content\u00bb gap=\u00bb5&#8243; content_placement=\u00bbtop\u00bb][vc_column width=\u00bb1\/3&#8243; alignment=\u00bbcenter\u00bb css=\u00bb.vc_custom_1678455031162{margin-top: 10px !important;margin-right: 60px !important;margin-left: 60px !important;}\u00bb]<\/p>\n<div data-id=\"mpc_image-7969f1a08ceca27\" onclick=\"\" class=\"mpc-image mpc-init mpc-animation \"  data-animation-in=\"transition.bounceLeftIn||800||0||42\">\n<div class=\"mpc-item mpc-transition\"><img width=\"245\" height=\"245\" src=\"http:\/\/mabcomunicaciones.cl\/web\/wp-content\/uploads\/2023\/03\/Felipe-Gatica_baja.png\" class=\"mpc-transition attachment-medium\" alt=\"\" loading=\"lazy\" srcset=\"http:\/\/mabcomunicaciones.cl\/web\/wp-content\/uploads\/2023\/03\/Felipe-Gatica_baja.png 245w, http:\/\/mabcomunicaciones.cl\/web\/wp-content\/uploads\/2023\/03\/Felipe-Gatica_baja-150x150.png 150w\" sizes=\"(max-width: 245px) 100vw, 245px\" \/><\/div>\n<\/div>\n<p>[vc_custom_heading text=\u00bbFelipe Gatica\u00bb font_container=\u00bbtag:h2|font_size:20px|text_align:center|color:%23fc7e00&#8243; google_fonts=\u00bbfont_family:Roboto%3A100%2C100italic%2C300%2C300italic%2Cregular%2Citalic%2C500%2C500italic%2C700%2C700italic%2C900%2C900italic|font_style:300%20light%20regular%3A300%3Anormal\u00bb css=\u00bb.vc_custom_1676467765486{padding-top: 15px !important;}\u00bb][vc_tta_accordion style=\u00bbflat\u00bb color=\u00bborange\u00bb c_align=\u00bbcenter\u00bb c_icon=\u00bb\u00bb active_section=\u00bb-10000&#8243; no_fill=\u00bbtrue\u00bb collapsible_all=\u00bbtrue\u00bb][vc_tta_section title=\u00bbEjecutivo de Cuentas \u00bb tab_id=\u00bb1678455553301-6c2dd158-80b6&#8243;]<\/p>\n<div id=\"mpc_textblock-2669f1a08cecac8\" class=\"mpc-textblock mpc-init mpc-typography--preset_0 \">\n<p style=\"text-align: left;\"><span style=\"font-weight: 400;\">Periodista de la Universidad Diego Portales. M\u00e1ster de Comunicaci\u00f3n Integrada de la Universidad del Desarrollo.<\/span><\/p>\n<p style=\"text-align: left;\"><span style=\"font-weight: 400;\">Cuenta con una vasta experiencia laboral en comunicaciones en empresas privadas e instituciones p\u00fablicas.<\/span><\/p>\n<p style=\"text-align: left;\"><span style=\"font-weight: 400;\">Un profesional responsable, comprometido con su trabajo y clientes, creativo y orientado a los objetivos; que busca promover un sentido de pertenencia y alineaci\u00f3n con los objetivos estrat\u00e9gicos que demande la empresa.<\/span><\/p>\n<\/div>\n<p>[\/vc_tta_section][\/vc_tta_accordion][\/vc_column][\/vc_row][vc_row full_width=\u00bbstretch_row_content\u00bb gap=\u00bb5&#8243; content_placement=\u00bbtop\u00bb][vc_column width=\u00bb1\/3&#8243; css=\u00bb.vc_custom_1678456310992{margin-top: 10px !important;margin-right: 60px !important;margin-left: 60px !important;}\u00bb]<\/p>\n<div data-id=\"mpc_image-9969f1a08ced478\" onclick=\"\" class=\"mpc-image mpc-init mpc-animation \"  data-animation-in=\"transition.bounceLeftIn||850||0||46\">\n<div class=\"mpc-item mpc-transition\"><img width=\"245\" height=\"245\" src=\"http:\/\/mabcomunicaciones.cl\/web\/wp-content\/uploads\/2023\/03\/Cristobal-Onate_baja.png\" class=\"mpc-transition attachment-medium\" alt=\"\" loading=\"lazy\" srcset=\"http:\/\/mabcomunicaciones.cl\/web\/wp-content\/uploads\/2023\/03\/Cristobal-Onate_baja.png 245w, http:\/\/mabcomunicaciones.cl\/web\/wp-content\/uploads\/2023\/03\/Cristobal-Onate_baja-150x150.png 150w\" sizes=\"(max-width: 245px) 100vw, 245px\" \/><\/div>\n<\/div>\n<p>[vc_custom_heading text=\u00bbCrist\u00f3bal O\u00f1ate\u00bb font_container=\u00bbtag:h2|font_size:20px|text_align:center|color:%23f29760&#8243; google_fonts=\u00bbfont_family:Roboto%3A100%2C100italic%2C300%2C300italic%2Cregular%2Citalic%2C500%2C500italic%2C700%2C700italic%2C900%2C900italic|font_style:300%20light%20regular%3A300%3Anormal\u00bb css=\u00bb.vc_custom_1676993594784{padding-top: 15px !important;}\u00bb][vc_tta_accordion style=\u00bbflat\u00bb color=\u00bborange\u00bb c_align=\u00bbcenter\u00bb c_icon=\u00bb\u00bb active_section=\u00bb-33&#8243; no_fill=\u00bbtrue\u00bb collapsible_all=\u00bbtrue\u00bb][vc_tta_section title=\u00bbEjecutivo de Cuentas\u00bb tab_id=\u00bb1676992375365-66c8b7dc-2d76&#8243;]<\/p>\n<div id=\"mpc_textblock-6069f1a08ced522\" class=\"mpc-textblock mpc-init mpc-typography--preset_0 \">\n<p style=\"text-align: left;\"><span style=\"font-weight: 400;\">Licenciado en Comunicaci\u00f3n Social y Periodista de la Universidad de Chile.<\/span><\/p>\n<p style=\"text-align: left;\"><span style=\"font-weight: 400;\">Se ha desempe\u00f1ado en medios de comunicaci\u00f3n como reportero en el diario Las \u00daltimas Noticias y como corresponsal internacional en medios argentinos.<\/span><\/p>\n<p style=\"text-align: left;\"><span style=\"font-weight: 400;\">En comunicaciones institucionales, ha trabajado en la productora Galope donde prest\u00f3 servicios a distintas empresas, como Gasmar, la minera ACOP y la distribuidora RETCO.<\/span><\/p>\n<p style=\"text-align: left;\"><span style=\"font-weight: 400;\">Actualmente se desarrolla como Ejecutivo de Cuentas en MAB Comunicaciones, colaborando con los clientes en el desarrollo de sus comunicaciones corporativas.<\/span><\/p>\n<\/div>\n<p>[\/vc_tta_section][\/vc_tta_accordion][\/vc_column][vc_column width=\u00bb1\/3&#8243; alignment=\u00bbcenter\u00bb css=\u00bb.vc_custom_1678456329000{margin-top: 10px !important;margin-right: 60px !important;margin-left: 60px !important;}\u00bb]<\/p>\n<div data-id=\"mpc_image-9669f1a08cedeb9\" onclick=\"\" class=\"mpc-image mpc-init mpc-animation \"  data-animation-in=\"transition.bounceLeftIn||900||0||48\">\n<div class=\"mpc-item mpc-transition\"><img width=\"245\" height=\"245\" src=\"http:\/\/mabcomunicaciones.cl\/web\/wp-content\/uploads\/2019\/03\/dani.png\" class=\"mpc-transition attachment-medium\" alt=\"\" loading=\"lazy\" srcset=\"http:\/\/mabcomunicaciones.cl\/web\/wp-content\/uploads\/2019\/03\/dani.png 245w, http:\/\/mabcomunicaciones.cl\/web\/wp-content\/uploads\/2019\/03\/dani-150x150.png 150w\" sizes=\"(max-width: 245px) 100vw, 245px\" \/><\/div>\n<\/div>\n<p>[vc_custom_heading text=\u00bbDaniela Gonz\u00e1lez\u00bb font_container=\u00bbtag:h2|font_size:20px|text_align:center|color:%23fc7e00&#8243; google_fonts=\u00bbfont_family:Roboto%3A100%2C100italic%2C300%2C300italic%2Cregular%2Citalic%2C500%2C500italic%2C700%2C700italic%2C900%2C900italic|font_style:300%20light%20regular%3A300%3Anormal\u00bb css=\u00bb.vc_custom_1553095662479{padding-top: 15px !important;}\u00bb][vc_tta_accordion style=\u00bbflat\u00bb color=\u00bborange\u00bb c_align=\u00bbcenter\u00bb c_icon=\u00bb\u00bb active_section=\u00bb-9&#8243; no_fill=\u00bbtrue\u00bb collapsible_all=\u00bbtrue\u00bb][vc_tta_section title=\u00bbJefa de Dise\u00f1o\u00bb tab_id=\u00bb1554999749946-23eba5b4-6339&#8243;]<\/p>\n<div id=\"mpc_textblock-2469f1a08cedf62\" class=\"mpc-textblock mpc-init \">\n<p style=\"text-align: left;\">Dise\u00f1adora Gr\u00e1fica de la Universidad Marcelino Champagnat de Argentina, con especialidad en Dise\u00f1o Editorial.<\/p>\n<p style=\"text-align: left;\">Integr\u00f3 el equipo de marketing, comunicaciones internas en PwC Chile, adem\u00e1s se desempe\u00f1\u00f3 como responsable de comunicaciones internas en Prefin del Banco de Chile y en MAB Comunicaciones se encuentra a cargo del dise\u00f1o e imagen corporativa de diversos clientes.<\/p>\n<\/div>\n<p>[\/vc_tta_section][\/vc_tta_accordion][\/vc_column][vc_column width=\u00bb1\/3&#8243; css=\u00bb.vc_custom_1678456343873{margin-top: 10px !important;margin-right: 60px !important;margin-left: 60px !important;}\u00bb]<\/p>\n<div data-id=\"mpc_image-1169f1a08cee6b6\" onclick=\"\" class=\"mpc-image mpc-init mpc-animation \"  data-animation-in=\"transition.bounceLeftIn||900||0||50\">\n<div class=\"mpc-item mpc-transition\"><img width=\"245\" height=\"245\" src=\"http:\/\/mabcomunicaciones.cl\/web\/wp-content\/uploads\/2023\/03\/Vicente-Macaya_baja.png\" class=\"mpc-transition attachment-medium\" alt=\"\" loading=\"lazy\" srcset=\"http:\/\/mabcomunicaciones.cl\/web\/wp-content\/uploads\/2023\/03\/Vicente-Macaya_baja.png 245w, http:\/\/mabcomunicaciones.cl\/web\/wp-content\/uploads\/2023\/03\/Vicente-Macaya_baja-150x150.png 150w\" sizes=\"(max-width: 245px) 100vw, 245px\" \/><\/div>\n<\/div>\n<p>[vc_custom_heading text=\u00bbVicente Macaya\u00bb font_container=\u00bbtag:h2|font_size:20px|text_align:center|color:%23f29760&#8243; google_fonts=\u00bbfont_family:Roboto%3A100%2C100italic%2C300%2C300italic%2Cregular%2Citalic%2C500%2C500italic%2C700%2C700italic%2C900%2C900italic|font_style:300%20light%20regular%3A300%3Anormal\u00bb css=\u00bb.vc_custom_1611089306999{padding-top: 15px !important;}\u00bb][vc_tta_accordion style=\u00bbflat\u00bb color=\u00bborange\u00bb c_align=\u00bbcenter\u00bb c_icon=\u00bb\u00bb active_section=\u00bb-1&#8243; no_fill=\u00bbtrue\u00bb collapsible_all=\u00bbtrue\u00bb][vc_tta_section title=\u00bbDise\u00f1ador\u00bb tab_id=\u00bb1611086392176-6ef1a861-c293&#8243;]<\/p>\n<div id=\"mpc_textblock-669f1a08cee75f\" class=\"mpc-textblock mpc-init mpc-typography--preset_0 \">\n<p style=\"text-align: left;\"><span style=\"font-weight: 400;\">Titulado de Dise\u00f1o Gr\u00e1fico Publicitario del Instituto Profesional Los Leones.<\/span><\/p>\n<p style=\"text-align: left;\"><span style=\"font-weight: 400;\">Con experiencia en marketing digital, y comunicaciones internas, se especializa principalmente en branding y motion graphics.<\/span><\/p>\n<p style=\"text-align: left;\"><span style=\"font-weight: 400;\">Actualmente su rol como dise\u00f1ador en MAB Comunicaciones, es brindar apoyo para diversos clientes en el desarrollo de contenidos gr\u00e1ficos atractivos y din\u00e1micos para los p\u00fablicos internos de las distintas cuentas de la agencia.<\/span><\/p>\n<\/div>\n<p>[\/vc_tta_section][\/vc_tta_accordion][\/vc_column][\/vc_row][vc_row full_width=\u00bbstretch_row_content\u00bb gap=\u00bb5&#8243; content_placement=\u00bbtop\u00bb][vc_column width=\u00bb1\/3&#8243; alignment=\u00bbcenter\u00bb css=\u00bb.vc_custom_1678456458602{margin-top: 10px !important;margin-right: 60px !important;margin-left: 60px !important;}\u00bb]<\/p>\n<div data-id=\"mpc_image-1769f1a08ceef33\" onclick=\"\" class=\"mpc-image mpc-init mpc-animation \"  data-animation-in=\"transition.bounceLeftIn||850||0||44\">\n<div class=\"mpc-item mpc-transition\"><img width=\"300\" height=\"300\" src=\"http:\/\/mabcomunicaciones.cl\/web\/wp-content\/uploads\/2025\/04\/EQUIPO_EDITADAS_PPT-15-300x300.png\" class=\"mpc-transition attachment-medium\" alt=\"\" loading=\"lazy\" srcset=\"http:\/\/mabcomunicaciones.cl\/web\/wp-content\/uploads\/2025\/04\/EQUIPO_EDITADAS_PPT-15-300x300.png 300w, http:\/\/mabcomunicaciones.cl\/web\/wp-content\/uploads\/2025\/04\/EQUIPO_EDITADAS_PPT-15-150x150.png 150w, http:\/\/mabcomunicaciones.cl\/web\/wp-content\/uploads\/2025\/04\/EQUIPO_EDITADAS_PPT-15-768x768.png 768w, http:\/\/mabcomunicaciones.cl\/web\/wp-content\/uploads\/2025\/04\/EQUIPO_EDITADAS_PPT-15.png 906w\" sizes=\"(max-width: 300px) 100vw, 300px\" \/><\/div>\n<\/div>\n<p>[vc_custom_heading text=\u00bbCamila D\u00edaz\u00bb font_container=\u00bbtag:h2|font_size:20px|text_align:center|color:%23f29760&#8243; google_fonts=\u00bbfont_family:Roboto%3A100%2C100italic%2C300%2C300italic%2Cregular%2Citalic%2C500%2C500italic%2C700%2C700italic%2C900%2C900italic|font_style:300%20light%20regular%3A300%3Anormal\u00bb css=\u00bb.vc_custom_1745974233471{padding-top: 15px !important;}\u00bb][vc_tta_accordion style=\u00bbflat\u00bb color=\u00bborange\u00bb c_align=\u00bbcenter\u00bb c_icon=\u00bb\u00bb active_section=\u00bb-3&#8243; no_fill=\u00bbtrue\u00bb collapsible_all=\u00bbtrue\u00bb][vc_tta_section title=\u00bbDise\u00f1adora\u00bb tab_id=\u00bb1678456203737-07e27018-36e3&#8243;]<\/p>\n<div id=\"mpc_textblock-2669f1a08ceefdf\" class=\"mpc-textblock mpc-init mpc-typography--preset_0 \">\n<p style=\"text-align: left;\">Dise\u00f1adora Gr\u00e1fica titulada de Duoc UC con menci\u00f3n en Identidad Visual.<br \/>\nGran experiencia en el desarrollo de marcas y creaci\u00f3n de piezas gr\u00e1ficas animadas, aplicando herramientas de motion graphics.<br \/>\nActualmente formo parte del equipo de Dise\u00f1o en MAB, donde colaboro en la elaboraci\u00f3n de contenidos internos claros, coherentes y creativos.<\/p>\n<\/div>\n<p>[\/vc_tta_section][\/vc_tta_accordion][\/vc_column][vc_column width=\u00bb1\/3&#8243; alignment=\u00bbcenter\u00bb][\/vc_column][\/vc_row]<\/p>\n","protected":false},"excerpt":{"rendered":"<p>[vc_row][vc_column][vc_custom_heading text=\u00bbEquipo\u00bb font_container=\u00bbtag:h2|font_size:40|text_align:center|color:%23f6a400&#8243; google_fonts=\u00bbfont_family:Roboto%3A100%2C100italic%2C300%2C300italic%2Cregular%2Citalic%2C500%2C500italic%2C700%2C700italic%2C900%2C900italic|font_style:300%20light%20regular%3A300%3Anormal\u00bb][vc_zigzag el_width=\u00bb20&#8243; el_border_width=\u00bb10&#8243;][vc_empty_space][\/vc_column][\/vc_row][vc_row full_width=\u00bbstretch_row_content_no_spaces\u00bb gap=\u00bb5&#8243; full_height=\u00bbyes\u00bb][vc_column width=\u00bb1\/3&#8243;][\/vc_column][vc_column width=\u00bb1\/3&#8243; alignment=\u00bbcenter\u00bb][vc_custom_heading text=\u00bbMa. De Los \u00c1ngeles Bravo\u00bb font_container=\u00bbtag:h2|font_size:20px|text_align:center|color:%23fc7e00&#8243; google_fonts=\u00bbfont_family:Roboto%3A100%2C100italic%2C300%2C300italic%2Cregular%2Citalic%2C500%2C500italic%2C700%2C700italic%2C900%2C900italic|font_style:300%20light%20regular%3A300%3Anormal\u00bb css=\u00bb.vc_custom_1553093338958{padding-top: 15px !important;}\u00bb][vc_tta_accordion style=\u00bbflat\u00bb color=\u00bborange\u00bb c_align=\u00bbcenter\u00bb c_icon=\u00bb\u00bb active_section=\u00bb-9&#8243; no_fill=\u00bbtrue\u00bb collapsible_all=\u00bbtrue\u00bb css=\u00bb.vc_custom_1555000709393{margin-right: 60px !important;margin-left: 60px !important;}\u00bb][vc_tta_section title=\u00bbDirectora\u00bb tab_id=\u00bb1554998127235-ab262dcc-9309&#8243;][\/vc_tta_section][\/vc_tta_accordion][\/vc_column][vc_column width=\u00bb1\/3&#8243;][\/vc_column][\/vc_row][vc_row full_width=\u00bbstretch_row_content\u00bb gap=\u00bb5&#8243; content_placement=\u00bbtop\u00bb][vc_column width=\u00bb1\/3&#8243; alignment=\u00bbcenter\u00bb css=\u00bb.vc_custom_1678454975553{margin-right: 60px !important;margin-left: 60px !important;}\u00bb][vc_custom_heading text=\u00bbLorena Jacob\u00bb font_container=\u00bbtag:h2|font_size:20px|text_align:center|color:%23fc7e00&#8243; google_fonts=\u00bbfont_family:Roboto%3A100%2C100italic%2C300%2C300italic%2Cregular%2Citalic%2C500%2C500italic%2C700%2C700italic%2C900%2C900italic|font_style:300%20light%20regular%3A300%3Anormal\u00bb css=\u00bb.vc_custom_1553094304178{padding-top: 15px !important;}\u00bb][vc_tta_accordion style=\u00bbflat\u00bb color=\u00bborange\u00bb c_align=\u00bbcenter\u00bb c_icon=\u00bb\u00bb active_section=\u00bb-9&#8243; no_fill=\u00bbtrue\u00bb collapsible_all=\u00bbtrue\u00bb][vc_tta_section title=\u00bbDirectora General de Cuentas\u00bb tab_id=\u00bb1554996737668-fb86f8af-70b4&#8243;][\/vc_tta_section][\/vc_tta_accordion][\/vc_column][vc_column width=\u00bb1\/3&#8243; alignment=\u00bbcenter\u00bb css=\u00bb.vc_custom_1678455040703{margin-top: 10px !important;margin-right: 60px !important;margin-left: 60px !important;}\u00bb][vc_custom_heading text=\u00bbMagdalena Estay\u00bb font_container=\u00bbtag:h2|font_size:20px|text_align:center|color:%23fc7e00&#8243; google_fonts=\u00bbfont_family:Roboto%3A100%2C100italic%2C300%2C300italic%2Cregular%2Citalic%2C500%2C500italic%2C700%2C700italic%2C900%2C900italic|font_style:300%20light%20regular%3A300%3Anormal\u00bb css=\u00bb.vc_custom_1553095087814{padding-top: &#8230;<\/p>\n","protected":false},"author":1,"featured_media":0,"parent":0,"menu_order":0,"comment_status":"closed","ping_status":"closed","template":"","meta":[],"_links":{"self":[{"href":"http:\/\/mabcomunicaciones.cl\/web\/wp-json\/wp\/v2\/pages\/12"}],"collection":[{"href":"http:\/\/mabcomunicaciones.cl\/web\/wp-json\/wp\/v2\/pages"}],"about":[{"href":"http:\/\/mabcomunicaciones.cl\/web\/wp-json\/wp\/v2\/types\/page"}],"author":[{"embeddable":true,"href":"http:\/\/mabcomunicaciones.cl\/web\/wp-json\/wp\/v2\/users\/1"}],"replies":[{"embeddable":true,"href":"http:\/\/mabcomunicaciones.cl\/web\/wp-json\/wp\/v2\/comments?post=12"}],"version-history":[{"count":205,"href":"http:\/\/mabcomunicaciones.cl\/web\/wp-json\/wp\/v2\/pages\/12\/revisions"}],"predecessor-version":[{"id":827,"href":"http:\/\/mabcomunicaciones.cl\/web\/wp-json\/wp\/v2\/pages\/12\/revisions\/827"}],"wp:attachment":[{"href":"http:\/\/mabcomunicaciones.cl\/web\/wp-json\/wp\/v2\/media?parent=12"}],"curies":[{"name":"wp","href":"https:\/\/api.w.org\/{rel}","templated":true}]}}